{"id":311,"date":"2016-10-18T07:49:30","date_gmt":"2016-10-18T06:49:30","guid":{"rendered":"http:\/\/centro.interamerican.hu\/?page_id=311"},"modified":"2018-01-15T17:22:31","modified_gmt":"2018-01-15T16:22:31","slug":"contact","status":"publish","type":"page","link":"http:\/\/centro.interamerican.hu\/es\/conferences\/2017-2\/contact\/","title":{"rendered":"Contacto"},"content":{"rendered":"<p><img decoding=\"async\" src=\"http:\/\/centro.interamerican.hu\/wp-content\/uploads\/2016\/10\/app-header-bg.png\" alt=\"\" width=\"100%\" class=\"aligncenter size-full wp-image-375\" srcset=\"http:\/\/centro.interamerican.hu\/wp-content\/uploads\/2016\/10\/app-header-bg.png 1400w, http:\/\/centro.interamerican.hu\/wp-content\/uploads\/2016\/10\/app-header-bg-300x154.png 300w, http:\/\/centro.interamerican.hu\/wp-content\/uploads\/2016\/10\/app-header-bg-768x395.png 768w, http:\/\/centro.interamerican.hu\/wp-content\/uploads\/2016\/10\/app-header-bg-1024x527.png 1024w\" sizes=\"(max-width: 1400px) 100vw, 1400px\" \/><\/p>\n<div class=\"row \" ><nav class=\"cl-effect-10 btn-dignity-animated\"><a data-hover=\"CFP\" href=\"http:\/\/centro.interamerican.hu\/es\/conferences\/2017-2\/cfp\/\" class=\"\" ><span>CFP<\/span><\/a><\/nav><nav class=\"cl-effect-10 btn-dignity-animated\"><a data-hover=\"Inscripci\u00f3n\" href=\"http:\/\/centro.interamerican.hu\/es\/conferences\/2017-2\/registration\/\" class=\"\" ><span>Inscripci\u00f3n<\/span><\/a><\/nav><nav class=\"cl-effect-10 btn-dignity-animated\"><a data-hover=\"Programa\" href=\"http:\/\/centro.interamerican.hu\/es\/conferences\/2017-2\/program\/\" class=\"\" ><span>Programa<\/span><\/a><\/nav><nav class=\"cl-effect-10 btn-dignity-animated\"><a data-hover=\"Informaciones \u00datiles y Recomendaciones\" href=\"http:\/\/centro.interamerican.hu\/es\/conferences\/2017-2\/travel-accommodation\/\" class=\"\" ><span>Informaciones \u00datiles y Recomendaciones<\/span><\/a><\/nav><nav class=\"cl-effect-10 btn-dignity-animated\"><a data-hover=\"Contacto\" href=\"http:\/\/centro.interamerican.hu\/es\/conferences\/2017-2\/contact\/\" class=\"\" ><span>Contacto<\/span><\/a><\/nav><nav class=\"cl-effect-10 btn-dignity-animated\"><a data-hover=\"Publicaci\u00f3n\" href=\"http:\/\/centro.interamerican.hu\/es\/conferences\/2017-2\/publication\/\" class=\"\" ><span>Publicati\u00f3n<\/span><\/a><\/nav><\/div>\n<h1 class=\"main-heading  \" ><span style=\"color: #000000;\">Contacto<\/span><\/h1>\n          <div class=\"liner\"><span><\/span><\/div>\n<p>En lo relativo a asuntos no relacionados con la inscripci\u00f3n, env\u00edo de res\u00famenes e informaci\u00f3n publicada en la p\u00e1gina web del coloquio, los interesados podr\u00e1n ponerse en contacto con el comit\u00e9 organizador en la siguiente direcci\u00f3n: <a href=\"mailto:intam.szeged@gmail.com\">intam.szeged@gmail.com<\/a>. Tambi\u00e9n podr\u00e1n contactar a miembros del comit\u00e9 organizador: <strong>Dra. Eszter <\/strong><strong>Katona<\/strong> (espa\u00f1ol; e-mail: <a href=\"mailto:katonaeszter@gmail.com\">katonaeszter@gmail.com<\/a>), <strong>Dra. Katalin Jancs\u00f3<\/strong> (ingl\u00e9s y espa\u00f1ol; e-mail:<a href=\"mailto:jkattinka@gmail.com\">jkattinka@gmail.com<\/a>) y <strong>Dra. Andrea K\u00f6k\u00e9ny<\/strong> (ingl\u00e9s; e-mail: <a href=\"mailto:akokeny23@gmail.com\">akokeny23@gmail.com<\/a>)<\/p>\n","protected":false},"excerpt":{"rendered":"<p>En lo relativo a asuntos no relacionados con la inscripci\u00f3n, env\u00edo de res\u00famenes e informaci\u00f3n publicada en la p\u00e1gina web del coloquio, los interesados podr\u00e1n ponerse en contacto con el comit\u00e9 organizador en la siguiente direcci\u00f3n: intam.szeged@gmail.com. Tambi\u00e9n podr\u00e1n contactar a miembros del comit\u00e9 organizador: Dra. Eszter Katona (espa\u00f1ol; e-mail: katonaeszter@gmail.com), Dra. Katalin Jancs\u00f3 (ingl\u00e9s [&hellip;]<\/p>\n","protected":false},"author":1,"featured_media":0,"parent":288,"menu_order":0,"comment_status":"closed","ping_status":"closed","template":"","meta":{"footnotes":""},"class_list":["post-311","page","type-page","status-publish","hentry"],"_links":{"self":[{"href":"http:\/\/centro.interamerican.hu\/es\/wp-json\/wp\/v2\/pages\/311","targetHints":{"allow":["GET"]}}],"collection":[{"href":"http:\/\/centro.interamerican.hu\/es\/wp-json\/wp\/v2\/pages"}],"about":[{"href":"http:\/\/centro.interamerican.hu\/es\/wp-json\/wp\/v2\/types\/page"}],"author":[{"embeddable":true,"href":"http:\/\/centro.interamerican.hu\/es\/wp-json\/wp\/v2\/users\/1"}],"replies":[{"embeddable":true,"href":"http:\/\/centro.interamerican.hu\/es\/wp-json\/wp\/v2\/comments?post=311"}],"version-history":[{"count":11,"href":"http:\/\/centro.interamerican.hu\/es\/wp-json\/wp\/v2\/pages\/311\/revisions"}],"predecessor-version":[{"id":433,"href":"http:\/\/centro.interamerican.hu\/es\/wp-json\/wp\/v2\/pages\/311\/revisions\/433"}],"up":[{"embeddable":true,"href":"http:\/\/centro.interamerican.hu\/es\/wp-json\/wp\/v2\/pages\/288"}],"wp:attachment":[{"href":"http:\/\/centro.interamerican.hu\/es\/wp-json\/wp\/v2\/media?parent=311"}],"curies":[{"name":"wp","href":"https:\/\/api.w.org\/{rel}","templated":true}]}}