{"id":425,"date":"2018-01-15T17:18:04","date_gmt":"2018-01-15T16:18:04","guid":{"rendered":"http:\/\/centro.interamerican.hu\/?page_id=425"},"modified":"2018-01-15T17:26:06","modified_gmt":"2018-01-15T16:26:06","slug":"publication","status":"publish","type":"page","link":"http:\/\/centro.interamerican.hu\/es\/conferences\/2017-2\/publication\/","title":{"rendered":"Publicaci\u00f3n"},"content":{"rendered":"<div class=\"row \" ><nav class=\"cl-effect-10 btn-dignity-animated\"><a data-hover=\"CFP\" href=\"http:\/\/centro.interamerican.hu\/es\/conferences\/2017-2\/cfp\/\" class=\"\" ><span>CFP<\/span><\/a><\/nav><nav class=\"cl-effect-10 btn-dignity-animated\"><a data-hover=\"Inscripci\u00f3n\" href=\"http:\/\/centro.interamerican.hu\/es\/conferences\/2017-2\/registration\/\" class=\"\" ><span>Inscripci\u00f3n<\/span><\/a><\/nav><nav class=\"cl-effect-10 btn-dignity-animated\"><a data-hover=\"Programa\" href=\"http:\/\/centro.interamerican.hu\/es\/conferences\/2017-2\/program\/\" class=\"\" ><span>Programa<\/span><\/a><\/nav><nav class=\"cl-effect-10 btn-dignity-animated\"><a data-hover=\"Informaciones \u00datiles y Recomendaciones\" href=\"http:\/\/centro.interamerican.hu\/es\/conferences\/2017-2\/travel-accommodation\/\" class=\"\" ><span>Informaciones \u00datiles y Recomendaciones<\/span><\/a><\/nav><nav class=\"cl-effect-10 btn-dignity-animated\"><a data-hover=\"Contacto\" href=\"http:\/\/centro.interamerican.hu\/es\/conferences\/2017-2\/contact\/\" class=\"\" ><span>Contacto<\/span><\/a><\/nav><nav class=\"cl-effect-10 btn-dignity-animated\"><a data-hover=\"Publicaci\u00f3n\" href=\"http:\/\/centro.interamerican.hu\/es\/conferences\/2017-2\/publication\/\" class=\"\" ><span>Publicati\u00f3n<\/span><\/a><\/nav><\/div>\n<p>La fecha l\u00edmite para enviar los textos finalizados es el\u00a0<b>31 de enero de 2018<\/b>.<\/p>\n<p>&nbsp;<\/p>\n<p><strong>Normas de publicaci\u00f3n<\/strong><\/p>\n<p>Extensi\u00f3n y formato de los trabajos<\/p>\n<ul>\n<li>El texto tendr\u00e1 una extensi\u00f3n m\u00e1xima de 30 000 caracteres incluyendo las notas.<\/li>\n<li>Los textos se entregan en soporte inform\u00e1tico (formato Word).<\/li>\n<li>Tipo de letra Garamond, cuerpo 12.<\/li>\n<li>Interlineado 1.0, con una l\u00ednea en blanco entre p\u00e1rrafos, sin sangr\u00eda en la primera l\u00ednea del p\u00e1rrafo.<\/li>\n<li>Tama\u00f1o de letra de la nota: 11 puntos.<\/li>\n<li>Alineaci\u00f3n: justificada.<\/li>\n<li>M\u00e1rgenes: 2,5.<\/li>\n<li>Los distintos apartados \u2013si los hay\u2013 deber\u00e1n numerarse separ\u00e1ndolos del resto del trabajo por una l\u00ednea en blanco. En cuanto a los subapartados \u2013si los hay\u2013, deber\u00e1n seguir la numeraci\u00f3n \u201c1.1\u201d, \u201c1.1.1.\u201detc. El t\u00edtulo de cada apartado habr\u00e1 de ir en negrita, sin sangrar, en min\u00fasculas y sin punto final.<\/li>\n<li>A un fragmento de texto escrito en cursiva le debe seguir un signo de puntuaci\u00f3n en cursiva.<\/li>\n<li>La semirraya debe aparecer unida a la palabra, sin espacio.<\/li>\n<li>Los n\u00fameros van unidos por el gui\u00f3n.<\/li>\n<\/ul>\n<p>Encabezamiento:<\/p>\n<ul>\n<li>T\u00edtulo: centrado, en may\u00fasculas, negrita, cuerpo 12 sin punto final.<\/li>\n<li>Nombre y apellidos del autor: centrados, en may\u00fasculas, negrita, cuerpo 12.<\/li>\n<li>Centro: centrado, en min\u00fascula, cuerpo 11, sin par\u00e9ntesis.<\/li>\n<li>Res\u00famenes: en castellano \/ ingl\u00e9s, cuerpo 10.<\/li>\n<li>Palabras clave: cinco, en castellano \/ ingl\u00e9s, cuerpo 10.<\/li>\n<li>Si se quiere incluir dibujos, gr\u00e1ficos o im\u00e1genes en el texto, se debe mandarlos en archivo separado indicando su lugar en el texto. La imagen debe tener una resoluci\u00f3n de 300 dpi.<\/li>\n<\/ul>\n<p>Sistema de citas:<\/p>\n<ul>\n<li>Intenten eliminar las notas al pie.<\/li>\n<li>La redacci\u00f3n de las referencias bibliogr\u00e1ficas deber\u00e1 seguir las pautas del sistema Harvard.<\/li>\n<li>Toda cita deber\u00e1 remitir a la bibliograf\u00eda final.<\/li>\n<li>En el cuerpo del texto las citas se dar\u00e1n entrecomilladas con comillas: \u201c&#8230;\u201d.<\/li>\n<li>Las citas m\u00e1s largas de 3 l\u00edneas ir\u00e1n en p\u00e1rrafo aparte (cuerpo 10, alienaci\u00f3n justificada, interlineado 1.0., con sangr\u00eda de 2 cm en todo el p\u00e1rrafo a la izquierda y tambi\u00e9n a la derecha) con un salto de l\u00ednea entre p\u00e1rrafos.<\/li>\n<li>La supresi\u00f3n de texto dentro de una cita se indicar\u00e1 con tres puntos suspensivos entre corchetes: [&#8230;].<\/li>\n<li>Las citas dentro de las citas se dar\u00e1n en cursivas.<\/li>\n<li>La inclusi\u00f3n de las citas se realizar\u00e1 indicando la referencia seg\u00fan el siguiente esquema: (Wells, 2005:36).<\/li>\n<li>Si el nombre del autor estuviera citado en el texto, junto a \u00e9l s\u00f3lo se indicar\u00e1 entre par\u00e9ntesis: (2005:36).<\/li>\n<li>En el caso de no citar p\u00e1ginas concretas, sino la obra entera de un autor, se indicar\u00e1 junto al apellido de \u00e9ste entre par\u00e9ntesis el a\u00f1o de edici\u00f3n de la obra a la que se hace referencia: (Wells, 2005).<\/li>\n<li>Cuando se citen p\u00e1ginas web en donde no conste ninguna fecha, entre par\u00e9ntesis se anotar\u00e1 la fecha de consulta: (Delibes, 01-11-2014).<\/li>\n<\/ul>\n<p>Bibliograf\u00eda de las obras citadas:<\/p>\n<p>Las referencias bibliogr\u00e1ficas aparecer\u00e1n al final del art\u00edculo, ordenadas alfab\u00e9ticamente por el apellido del autor.<\/p>\n<ol>\n<li>a) libros:<\/li>\n<\/ol>\n<p>Delibes, Miguel. 1966. <em>Cinco horas con Mario<\/em>. Barcelona: Destino.<\/p>\n<ol>\n<li>b) cap\u00edtulos de libro:<\/li>\n<\/ol>\n<p>Berta, Tibor. 2006. \u201cSobre la proporci\u00f3n de la promoci\u00f3n de cl\u00edticos en construcciones de infinitivo medievales y precl\u00e1sicos\u201d Bustos Tovar, Jos\u00e9 Jes\u00fas de \u2013 Gir\u00f3n, Jos\u00e9 Luis (eds.). 2006. <em>Actas del VI Congreso Internacional de Historia de la Lengua Espa\u00f1ola<\/em>. Madrid\/Alcal\u00e1 de Henares (2003), vol. I, Madrid: Arco\/Libros. 501-511.<\/p>\n<ol>\n<li>c) art\u00edculos:<\/li>\n<\/ol>\n<p>Berta, Tibor. 2004. \u201cObservaciones al an\u00e1lisis de la evoluci\u00f3n de las construcciones de participio e infinitivo en espa\u00f1ol y portugu\u00e9s\u201d <em>Acta Hispanica, <\/em>9. 71-79.<\/p>\n<ol>\n<li>d) art\u00edculos publicados en internet:<\/li>\n<\/ol>\n<p>Musa, Arnaldo. \u201cCalific\u00f3 Presidente de Guinea Ecuatorial de positiva visita realizada a Cuba\u201d <em>Granma online.<\/em> Fecha de consulta: 1 de marzo de 2008. Asequible en: http:\/\/www.granma.cubaweb.cu\/2008\/02\/18\/nacional\/artic07.html.<\/p>\n","protected":false},"excerpt":{"rendered":"<p>La fecha l\u00edmite para enviar los textos finalizados es el\u00a031 de enero de 2018. &nbsp; Normas de publicaci\u00f3n Extensi\u00f3n y formato de los trabajos El texto tendr\u00e1 una extensi\u00f3n m\u00e1xima de 30 000 caracteres incluyendo las notas. Los textos se entregan en soporte inform\u00e1tico (formato Word). Tipo de letra Garamond, cuerpo 12. Interlineado 1.0, con [&hellip;]<\/p>\n","protected":false},"author":1,"featured_media":0,"parent":288,"menu_order":0,"comment_status":"closed","ping_status":"closed","template":"","meta":{"footnotes":""},"class_list":["post-425","page","type-page","status-publish","hentry"],"_links":{"self":[{"href":"http:\/\/centro.interamerican.hu\/es\/wp-json\/wp\/v2\/pages\/425","targetHints":{"allow":["GET"]}}],"collection":[{"href":"http:\/\/centro.interamerican.hu\/es\/wp-json\/wp\/v2\/pages"}],"about":[{"href":"http:\/\/centro.interamerican.hu\/es\/wp-json\/wp\/v2\/types\/page"}],"author":[{"embeddable":true,"href":"http:\/\/centro.interamerican.hu\/es\/wp-json\/wp\/v2\/users\/1"}],"replies":[{"embeddable":true,"href":"http:\/\/centro.interamerican.hu\/es\/wp-json\/wp\/v2\/comments?post=425"}],"version-history":[{"count":4,"href":"http:\/\/centro.interamerican.hu\/es\/wp-json\/wp\/v2\/pages\/425\/revisions"}],"predecessor-version":[{"id":440,"href":"http:\/\/centro.interamerican.hu\/es\/wp-json\/wp\/v2\/pages\/425\/revisions\/440"}],"up":[{"embeddable":true,"href":"http:\/\/centro.interamerican.hu\/es\/wp-json\/wp\/v2\/pages\/288"}],"wp:attachment":[{"href":"http:\/\/centro.interamerican.hu\/es\/wp-json\/wp\/v2\/media?parent=425"}],"curies":[{"name":"wp","href":"https:\/\/api.w.org\/{rel}","templated":true}]}}